{"id":2576,"date":"2024-11-14T21:59:23","date_gmt":"2024-11-14T21:59:23","guid":{"rendered":"https:\/\/dev.houseofstrauss.at\/blog\/"},"modified":"2025-04-18T14:18:29","modified_gmt":"2025-04-18T13:18:29","slug":"blog","status":"publish","type":"page","link":"https:\/\/houseofstrauss.at\/es\/blog\/","title":{"rendered":"Blog"},"content":{"rendered":"\t\t<div data-elementor-type=\"wp-page\" data-elementor-id=\"2576\" class=\"elementor elementor-2576 elementor-2560\" data-elementor-post-type=\"page\">\n\t\t\t\t\t\t<section class=\"elementor-section elementor-top-section elementor-element elementor-element-1797ff1f elementor-section-boxed elementor-section-height-default elementor-section-height-default\" data-id=\"1797ff1f\" data-element_type=\"section\" data-e-type=\"section\" data-settings=\"{&quot;background_background&quot;:&quot;video&quot;,&quot;background_motion_fx_scale_effect&quot;:&quot;yes&quot;,&quot;background_motion_fx_scale_speed&quot;:{&quot;unit&quot;:&quot;px&quot;,&quot;size&quot;:2,&quot;sizes&quot;:[]},&quot;background_video_link&quot;:&quot;https:\\\/\\\/vimeo.com\\\/1076699014?share=copy&quot;,&quot;background_play_on_mobile&quot;:&quot;yes&quot;,&quot;background_motion_fx_scale_direction&quot;:&quot;out-in&quot;,&quot;background_motion_fx_scale_range&quot;:{&quot;unit&quot;:&quot;%&quot;,&quot;size&quot;:&quot;&quot;,&quot;sizes&quot;:{&quot;start&quot;:20,&quot;end&quot;:80}},&quot;background_motion_fx_devices&quot;:[&quot;desktop&quot;,&quot;tablet&quot;,&quot;mobile&quot;]}\">\n\t\t\t\t\t\t\t\t<div class=\"elementor-background-video-container\">\n\t\t\t\t\t\t\t\t\t\t\t\t\t<div class=\"elementor-background-video-embed\" role=\"presentation\"><\/div>\n\t\t\t\t\t\t\t\t\t\t\t\t<\/div>\n\t\t\t\t\t\t\t\t\t<div class=\"elementor-background-overlay\"><\/div>\n\t\t\t\t\t\t\t<div class=\"elementor-container elementor-column-gap-default\">\n\t\t\t\t\t<div class=\"elementor-column elementor-col-100 elementor-top-column elementor-element elementor-element-2d8a5951\" data-id=\"2d8a5951\" data-element_type=\"column\" data-e-type=\"column\">\n\t\t\t<div class=\"elementor-widget-wrap elementor-element-populated\">\n\t\t\t\t\t\t\t<\/div>\n\t\t<\/div>\n\t\t\t\t\t<\/div>\n\t\t<\/section>\n\t\t\t\t<section class=\"elementor-section elementor-top-section elementor-element elementor-element-5a95d9d3 elementor-section-boxed elementor-section-height-default elementor-section-height-default\" data-id=\"5a95d9d3\" data-element_type=\"section\" data-e-type=\"section\" data-settings=\"{&quot;background_background&quot;:&quot;classic&quot;}\">\n\t\t\t\t\t\t<div class=\"elementor-container elementor-column-gap-default\">\n\t\t\t\t\t<div class=\"elementor-column elementor-col-100 elementor-top-column elementor-element elementor-element-681e2111\" data-id=\"681e2111\" data-element_type=\"column\" data-e-type=\"column\">\n\t\t\t<div class=\"elementor-widget-wrap elementor-element-populated\">\n\t\t\t\t\t\t<div class=\"elementor-element elementor-element-3798adb elementor-grid-2 elementor-grid-tablet-2 elementor-grid-mobile-1 elementor-posts--thumbnail-top elementor-card-shadow-yes elementor-posts__hover-gradient elementor-widget elementor-widget-posts\" data-id=\"3798adb\" data-element_type=\"widget\" data-e-type=\"widget\" data-settings=\"{&quot;cards_columns&quot;:&quot;2&quot;,&quot;cards_columns_tablet&quot;:&quot;2&quot;,&quot;cards_columns_mobile&quot;:&quot;1&quot;,&quot;cards_row_gap&quot;:{&quot;unit&quot;:&quot;px&quot;,&quot;size&quot;:35,&quot;sizes&quot;:[]},&quot;cards_row_gap_tablet&quot;:{&quot;unit&quot;:&quot;px&quot;,&quot;size&quot;:&quot;&quot;,&quot;sizes&quot;:[]},&quot;cards_row_gap_mobile&quot;:{&quot;unit&quot;:&quot;px&quot;,&quot;size&quot;:&quot;&quot;,&quot;sizes&quot;:[]}}\" data-widget_type=\"posts.cards\">\n\t\t\t\t<div class=\"elementor-widget-container\">\n\t\t\t\t\t\t\t<div class=\"elementor-posts-container elementor-posts elementor-posts--skin-cards elementor-grid\" role=\"list\">\n\t\t\t\t<article class=\"elementor-post elementor-grid-item post-9513 post type-post status-publish format-standard has-post-thumbnail hentry category-sin-categorizar\" role=\"listitem\">\n\t\t\t<div class=\"elementor-post__card\">\n\t\t\t\t<a class=\"elementor-post__thumbnail__link\" href=\"https:\/\/houseofstrauss.at\/es\/de-la-idea-a-la-realizacion-el-arte-de-vivir-bien-con-la-casa-strauss\/\" tabindex=\"-1\" ><div class=\"elementor-post__thumbnail\"><img loading=\"lazy\" decoding=\"async\" width=\"300\" height=\"169\" src=\"https:\/\/houseofstrauss.at\/wp-content\/uploads\/2024\/12\/IMG_8383-1-1-300x169.png\" class=\"attachment-medium size-medium wp-image-5372\" alt=\"Walzer-Genuss-Ticket\" srcset=\"https:\/\/houseofstrauss.at\/wp-content\/uploads\/2024\/12\/IMG_8383-1-1-300x169.png 300w, https:\/\/houseofstrauss.at\/wp-content\/uploads\/2024\/12\/IMG_8383-1-1-1024x576.png 1024w, https:\/\/houseofstrauss.at\/wp-content\/uploads\/2024\/12\/IMG_8383-1-1-768x432.png 768w, https:\/\/houseofstrauss.at\/wp-content\/uploads\/2024\/12\/IMG_8383-1-1-1536x864.png 1536w, https:\/\/houseofstrauss.at\/wp-content\/uploads\/2024\/12\/IMG_8383-1-1-2048x1152.png 2048w\" sizes=\"auto, (max-width: 300px) 100vw, 300px\" \/><\/div><\/a>\n\t\t\t\t<div class=\"elementor-post__text\">\n\t\t\t\t<h3 class=\"elementor-post__title\">\n\t\t\t<a href=\"https:\/\/houseofstrauss.at\/es\/de-la-idea-a-la-realizacion-el-arte-de-vivir-bien-con-la-casa-strauss\/\" >\n\t\t\t\tDe la idea a la realizaci\u00f3n: el arte de vivir bien con la Casa Strauss\t\t\t<\/a>\n\t\t<\/h3>\n\t\t\t\t<div class=\"elementor-post__excerpt\">\n\t\t\t<p>En un mundo que gira cada vez m\u00e1s r\u00e1pido, el deseo de una buena vida es mayor que nunca. Pero, \u00bfqu\u00e9 significa realmente \u00abla buena vida\u00bb? \u00bfY c\u00f3mo hacer la<\/p>\n\t\t<\/div>\n\t\t\n\t\t<a class=\"elementor-post__read-more\" href=\"https:\/\/houseofstrauss.at\/es\/de-la-idea-a-la-realizacion-el-arte-de-vivir-bien-con-la-casa-strauss\/\" aria-label=\"Read more about De la idea a la realizaci\u00f3n: el arte de vivir bien con la Casa Strauss\" tabindex=\"-1\" >\n\t\t\tSigue leyendo \"\t\t<\/a>\n\n\t\t\t\t<\/div>\n\t\t\t\t\t<\/div>\n\t\t<\/article>\n\t\t\t\t<article class=\"elementor-post elementor-grid-item post-9388 post type-post status-publish format-standard has-post-thumbnail hentry category-casa-de-strauss tag-para-quien-es-la-casa-de-strauss tag-casa-de-strauss tag-exclusividad-personalizada tag-profundidad-cultural-en-lugar-de-superficialidad\" role=\"listitem\">\n\t\t\t<div class=\"elementor-post__card\">\n\t\t\t\t<a class=\"elementor-post__thumbnail__link\" href=\"https:\/\/houseofstrauss.at\/es\/por-que-la-casa-strauss-esta-redefiniendo-el-estilo-de-vida-de-lujo-en-austria\/\" tabindex=\"-1\" ><div class=\"elementor-post__thumbnail\"><img loading=\"lazy\" decoding=\"async\" width=\"300\" height=\"300\" src=\"https:\/\/houseofstrauss.at\/wp-content\/uploads\/2025\/02\/HOUSEOFSTRAUSS-1x1-LOGO2-P3-300x300.png\" class=\"attachment-medium size-medium wp-image-8314\" alt=\"Warum das House of Strauss den luxuri\u00f6sen Lebensstil in \u00d6sterreich neu definiert\" srcset=\"https:\/\/houseofstrauss.at\/wp-content\/uploads\/2025\/02\/HOUSEOFSTRAUSS-1x1-LOGO2-P3-300x300.png 300w, https:\/\/houseofstrauss.at\/wp-content\/uploads\/2025\/02\/HOUSEOFSTRAUSS-1x1-LOGO2-P3-150x150.png 150w, https:\/\/houseofstrauss.at\/wp-content\/uploads\/2025\/02\/HOUSEOFSTRAUSS-1x1-LOGO2-P3-768x768.png 768w, https:\/\/houseofstrauss.at\/wp-content\/uploads\/2025\/02\/HOUSEOFSTRAUSS-1x1-LOGO2-P3.png 800w\" sizes=\"auto, (max-width: 300px) 100vw, 300px\" \/><\/div><\/a>\n\t\t\t\t<div class=\"elementor-post__text\">\n\t\t\t\t<h3 class=\"elementor-post__title\">\n\t\t\t<a href=\"https:\/\/houseofstrauss.at\/es\/por-que-la-casa-strauss-esta-redefiniendo-el-estilo-de-vida-de-lujo-en-austria\/\" >\n\t\t\t\tPor qu\u00e9 la Casa Strauss est\u00e1 redefiniendo el estilo de vida de lujo en Austria\t\t\t<\/a>\n\t\t<\/h3>\n\t\t\t\t<div class=\"elementor-post__excerpt\">\n\t\t\t<p>En un mundo en el que el lujo se confunde a menudo con la abundancia, la Casa Strauss est\u00e1 estableciendo nuevos est\u00e1ndares. La empresa austriaca es una maestra en combinar<\/p>\n\t\t<\/div>\n\t\t\n\t\t<a class=\"elementor-post__read-more\" href=\"https:\/\/houseofstrauss.at\/es\/por-que-la-casa-strauss-esta-redefiniendo-el-estilo-de-vida-de-lujo-en-austria\/\" aria-label=\"Read more about Por qu\u00e9 la Casa Strauss est\u00e1 redefiniendo el estilo de vida de lujo en Austria\" tabindex=\"-1\" >\n\t\t\tSigue leyendo \"\t\t<\/a>\n\n\t\t\t\t<\/div>\n\t\t\t\t\t<\/div>\n\t\t<\/article>\n\t\t\t\t<article class=\"elementor-post elementor-grid-item post-9108 post type-post status-publish format-standard has-post-thumbnail hentry category-kursalon-viena tag-mas-que-musica-una-experiencia-global tag-una-visita-concertada-como-en-la-epoca-imperial tag-viena-centro-historico-de-la-musica-clasica\" role=\"listitem\">\n\t\t\t<div class=\"elementor-post__card\">\n\t\t\t\t<a class=\"elementor-post__thumbnail__link\" href=\"https:\/\/houseofstrauss.at\/es\/por-que-los-conciertos-de-musica-clasica-en-viena-son-imprescindibles-para-todo-amante-de-la-musica\/\" tabindex=\"-1\" ><div class=\"elementor-post__thumbnail\"><img loading=\"lazy\" decoding=\"async\" width=\"300\" height=\"200\" src=\"https:\/\/houseofstrauss.at\/wp-content\/uploads\/2024\/11\/House-of-Strauss-\u252c\u00aeWienTourismus-Gregor-Hofbauer-300x200.jpg\" class=\"attachment-medium size-medium wp-image-1172\" alt=\"\" srcset=\"https:\/\/houseofstrauss.at\/wp-content\/uploads\/2024\/11\/House-of-Strauss-\u252c\u00aeWienTourismus-Gregor-Hofbauer-300x200.jpg 300w, https:\/\/houseofstrauss.at\/wp-content\/uploads\/2024\/11\/House-of-Strauss-\u252c\u00aeWienTourismus-Gregor-Hofbauer-1024x683.jpg 1024w, https:\/\/houseofstrauss.at\/wp-content\/uploads\/2024\/11\/House-of-Strauss-\u252c\u00aeWienTourismus-Gregor-Hofbauer-768x512.jpg 768w, https:\/\/houseofstrauss.at\/wp-content\/uploads\/2024\/11\/House-of-Strauss-\u252c\u00aeWienTourismus-Gregor-Hofbauer-1536x1024.jpg 1536w, https:\/\/houseofstrauss.at\/wp-content\/uploads\/2024\/11\/House-of-Strauss-\u252c\u00aeWienTourismus-Gregor-Hofbauer-600x400.jpg 600w, https:\/\/houseofstrauss.at\/wp-content\/uploads\/2024\/11\/House-of-Strauss-\u252c\u00aeWienTourismus-Gregor-Hofbauer.jpg 1920w\" sizes=\"auto, (max-width: 300px) 100vw, 300px\" \/><\/div><\/a>\n\t\t\t\t<div class=\"elementor-post__text\">\n\t\t\t\t<h3 class=\"elementor-post__title\">\n\t\t\t<a href=\"https:\/\/houseofstrauss.at\/es\/por-que-los-conciertos-de-musica-clasica-en-viena-son-imprescindibles-para-todo-amante-de-la-musica\/\" >\n\t\t\t\tPor qu\u00e9 los conciertos de m\u00fasica cl\u00e1sica en Viena son imprescindibles para todo amante de la m\u00fasica\t\t\t<\/a>\n\t\t<\/h3>\n\t\t\t\t<div class=\"elementor-post__excerpt\">\n\t\t\t<p>Viena, la ciudad de la m\u00fasica. Ning\u00fan otro lugar del mundo est\u00e1 tan estrechamente asociado a la m\u00fasica cl\u00e1sica como la capital austriaca. Para los amantes de la m\u00fasica, asistir<\/p>\n\t\t<\/div>\n\t\t\n\t\t<a class=\"elementor-post__read-more\" href=\"https:\/\/houseofstrauss.at\/es\/por-que-los-conciertos-de-musica-clasica-en-viena-son-imprescindibles-para-todo-amante-de-la-musica\/\" aria-label=\"Read more about Por qu\u00e9 los conciertos de m\u00fasica cl\u00e1sica en Viena son imprescindibles para todo amante de la m\u00fasica\" tabindex=\"-1\" >\n\t\t\tSigue leyendo \"\t\t<\/a>\n\n\t\t\t\t<\/div>\n\t\t\t\t\t<\/div>\n\t\t<\/article>\n\t\t\t\t<article class=\"elementor-post elementor-grid-item post-9043 post type-post status-publish format-standard has-post-thumbnail hentry category-kursalon-viena tag-el-kursalon-de-viena-una-obra-maestra-de-la-arquitectura tag-el-papel-de-la-casa-strauss tag-kursalon-viena tag-mas-que-musica-una-experiencia-global tag-una-visita-concertada-como-en-la-epoca-imperial\" role=\"listitem\">\n\t\t\t<div class=\"elementor-post__card\">\n\t\t\t\t<a class=\"elementor-post__thumbnail__link\" href=\"https:\/\/houseofstrauss.at\/es\/experimenta-la-elegancia-atemporal-en-el-kursalon-wien-una-joya-de-los-conciertos-clasicos-en-viena\/\" tabindex=\"-1\" ><div class=\"elementor-post__thumbnail\"><img loading=\"lazy\" decoding=\"async\" width=\"300\" height=\"245\" src=\"https:\/\/houseofstrauss.at\/wp-content\/uploads\/2025\/01\/FLORASIGN_FH_4938-1-300x245.png\" class=\"attachment-medium size-medium wp-image-7115\" alt=\"\" srcset=\"https:\/\/houseofstrauss.at\/wp-content\/uploads\/2025\/01\/FLORASIGN_FH_4938-1-300x245.png 300w, https:\/\/houseofstrauss.at\/wp-content\/uploads\/2025\/01\/FLORASIGN_FH_4938-1-1024x837.png 1024w, https:\/\/houseofstrauss.at\/wp-content\/uploads\/2025\/01\/FLORASIGN_FH_4938-1-768x628.png 768w, https:\/\/houseofstrauss.at\/wp-content\/uploads\/2025\/01\/FLORASIGN_FH_4938-1-1536x1256.png 1536w, https:\/\/houseofstrauss.at\/wp-content\/uploads\/2025\/01\/FLORASIGN_FH_4938-1-2048x1674.png 2048w\" sizes=\"auto, (max-width: 300px) 100vw, 300px\" \/><\/div><\/a>\n\t\t\t\t<div class=\"elementor-post__text\">\n\t\t\t\t<h3 class=\"elementor-post__title\">\n\t\t\t<a href=\"https:\/\/houseofstrauss.at\/es\/experimenta-la-elegancia-atemporal-en-el-kursalon-wien-una-joya-de-los-conciertos-clasicos-en-viena\/\" >\n\t\t\t\tExperimenta la elegancia atemporal en la Casa de Strauss: una joya de los conciertos cl\u00e1sicos en Viena\t\t\t<\/a>\n\t\t<\/h3>\n\t\t\t\t<div class=\"elementor-post__excerpt\">\n\t\t\t<p>Por supuesto. Aqu\u00ed est\u00e1 la versi\u00f3n revisada del art\u00edculo: ahora se trata de la Casa de Strauss como sede principal, no del Kursalon Wien: Viena, la ciudad de la m\u00fasica,<\/p>\n\t\t<\/div>\n\t\t\n\t\t<a class=\"elementor-post__read-more\" href=\"https:\/\/houseofstrauss.at\/es\/experimenta-la-elegancia-atemporal-en-el-kursalon-wien-una-joya-de-los-conciertos-clasicos-en-viena\/\" aria-label=\"Read more about Experimenta la elegancia atemporal en la Casa de Strauss: una joya de los conciertos cl\u00e1sicos en Viena\" tabindex=\"-1\" >\n\t\t\tSigue leyendo \"\t\t<\/a>\n\n\t\t\t\t<\/div>\n\t\t\t\t\t<\/div>\n\t\t<\/article>\n\t\t\t\t<article class=\"elementor-post elementor-grid-item post-5617 post type-post status-publish format-standard hentry category-sin-categorizar tag-gala-de-fin-de-ano-en-viena\" role=\"listitem\">\n\t\t\t<div class=\"elementor-post__card\">\n\t\t\t\t<div class=\"elementor-post__text\">\n\t\t\t\t<h3 class=\"elementor-post__title\">\n\t\t\t<a href=\"https:\/\/houseofstrauss.at\/es\/entradas-para-la-gala-de-fin-de-ano\/\" >\n\t\t\t\tentradas para la gala de fin de a\u00f1o\t\t\t<\/a>\n\t\t<\/h3>\n\t\t\t\t<div class=\"elementor-post__excerpt\">\n\t\t\t<p>Por favor, activa javascript en tu navegador para reservar<\/p>\n\t\t<\/div>\n\t\t\n\t\t<a class=\"elementor-post__read-more\" href=\"https:\/\/houseofstrauss.at\/es\/entradas-para-la-gala-de-fin-de-ano\/\" aria-label=\"Read more about entradas para la gala de fin de a\u00f1o\" tabindex=\"-1\" >\n\t\t\tSigue leyendo \"\t\t<\/a>\n\n\t\t\t\t<\/div>\n\t\t\t\t\t<\/div>\n\t\t<\/article>\n\t\t\t\t<article class=\"elementor-post elementor-grid-item post-1840 post type-post status-publish format-standard has-post-thumbnail hentry category-sin-categorizar\" role=\"listitem\">\n\t\t\t<div class=\"elementor-post__card\">\n\t\t\t\t<a class=\"elementor-post__thumbnail__link\" href=\"https:\/\/houseofstrauss.at\/es\/disena-tu-espacio-vital-con-house-of-strauss-guia-de-diseno-de-interiores-con-estilo-en-viena\/\" tabindex=\"-1\" ><div class=\"elementor-post__thumbnail\"><img loading=\"lazy\" decoding=\"async\" width=\"300\" height=\"169\" src=\"https:\/\/houseofstrauss.at\/wp-content\/uploads\/2024\/11\/konzert_NataliyaOkunska-300x169.jpg\" class=\"attachment-medium size-medium wp-image-1192\" alt=\"Strauss Konzerte Wien, Vienna Classical Concerts\" srcset=\"https:\/\/houseofstrauss.at\/wp-content\/uploads\/2024\/11\/konzert_NataliyaOkunska-300x169.jpg 300w, https:\/\/houseofstrauss.at\/wp-content\/uploads\/2024\/11\/konzert_NataliyaOkunska-1024x576.jpg 1024w, https:\/\/houseofstrauss.at\/wp-content\/uploads\/2024\/11\/konzert_NataliyaOkunska-768x432.jpg 768w, https:\/\/houseofstrauss.at\/wp-content\/uploads\/2024\/11\/konzert_NataliyaOkunska-1536x864.jpg 1536w, https:\/\/houseofstrauss.at\/wp-content\/uploads\/2024\/11\/konzert_NataliyaOkunska-600x338.jpg 600w, https:\/\/houseofstrauss.at\/wp-content\/uploads\/2024\/11\/konzert_NataliyaOkunska.jpg 1920w\" sizes=\"auto, (max-width: 300px) 100vw, 300px\" \/><\/div><\/a>\n\t\t\t\t<div class=\"elementor-post__text\">\n\t\t\t\t<h3 class=\"elementor-post__title\">\n\t\t\t<a href=\"https:\/\/houseofstrauss.at\/es\/disena-tu-espacio-vital-con-house-of-strauss-guia-de-diseno-de-interiores-con-estilo-en-viena\/\" >\n\t\t\t\tUna experiencia \u00fanica: el espect\u00e1culo de LED en la Sala Strauss\t\t\t<\/a>\n\t\t<\/h3>\n\t\t\t\t<div class=\"elementor-post__excerpt\">\n\t\t\t<p>Introducci\u00f3n:La Casa de Strauss ofrece un moderno espect\u00e1culo de LED que celebra la vida y la obra de Johann Strauss II. Una experiencia que combina historia e innovaci\u00f3n. Puntos principales:<\/p>\n\t\t<\/div>\n\t\t\n\t\t<a class=\"elementor-post__read-more\" href=\"https:\/\/houseofstrauss.at\/es\/disena-tu-espacio-vital-con-house-of-strauss-guia-de-diseno-de-interiores-con-estilo-en-viena\/\" aria-label=\"Read more about Una experiencia \u00fanica: el espect\u00e1culo de LED en la Sala Strauss\" tabindex=\"-1\" >\n\t\t\tSigue leyendo \"\t\t<\/a>\n\n\t\t\t\t<\/div>\n\t\t\t\t\t<\/div>\n\t\t<\/article>\n\t\t\t\t<\/div>\n\t\t\n\t\t\t\t\t\t<\/div>\n\t\t\t\t<\/div>\n\t\t\t\t\t<\/div>\n\t\t<\/div>\n\t\t\t\t\t<\/div>\n\t\t<\/section>\n\t\t\t\t<\/div>\n\t\t","protected":false},"excerpt":{"rendered":"","protected":false},"author":1,"featured_media":6825,"parent":0,"menu_order":0,"comment_status":"closed","ping_status":"closed","template":"","meta":{"footnotes":""},"class_list":["post-2576","page","type-page","status-publish","has-post-thumbnail","hentry"],"yoast_head":"<!-- This site is optimized with the Yoast SEO plugin v27.5 - https:\/\/yoast.com\/product\/yoast-seo-wordpress\/ -->\n<title>Nuestro blog | Conciertos de m\u00fasica en Viena | Casa de Strauss<\/title>\n<meta name=\"description\" content=\"Descubre el encantador mundo de la escena musical vienesa con House of Strauss. Descubre blogs de conciertos y los \u00faltimos eventos de m\u00fasica cl\u00e1sica.\" \/>\n<meta name=\"robots\" content=\"index, follow, max-snippet:-1, max-image-preview:large, max-video-preview:-1\" \/>\n<link rel=\"canonical\" href=\"https:\/\/houseofstrauss.at\/blog\/\" \/>\n<meta property=\"og:locale\" content=\"es_ES\" \/>\n<meta property=\"og:type\" content=\"article\" \/>\n<meta property=\"og:title\" content=\"Nuestro blog | Conciertos de m\u00fasica en Viena | Casa de Strauss\" \/>\n<meta property=\"og:description\" content=\"Descubre el encantador mundo de la escena musical vienesa con House of Strauss. Descubre blogs de conciertos y los \u00faltimos eventos de m\u00fasica cl\u00e1sica.\" \/>\n<meta property=\"og:url\" content=\"https:\/\/houseofstrauss.at\/blog\/\" \/>\n<meta property=\"og:site_name\" content=\"House of Strauss Wien\" \/>\n<meta property=\"article:publisher\" content=\"https:\/\/www.facebook.com\/houseofstraussvienna\" \/>\n<meta property=\"article:modified_time\" content=\"2025-04-18T13:18:29+00:00\" \/>\n<meta property=\"og:image\" content=\"https:\/\/houseofstrauss.at\/wp-content\/uploads\/2025\/01\/Johann-Strauss-der-Waehrend-er-Musiziert-ein-bier-trinkt-und-frauen-in-der-hand-hat-und-zigarren-raucht.jpg\" \/>\n\t<meta property=\"og:image:width\" content=\"2048\" \/>\n\t<meta property=\"og:image:height\" content=\"2048\" \/>\n\t<meta property=\"og:image:type\" content=\"image\/jpeg\" \/>\n<meta name=\"twitter:card\" content=\"summary_large_image\" \/>\n<script type=\"application\/ld+json\" class=\"yoast-schema-graph\">{\"@context\":\"https:\\\/\\\/schema.org\",\"@graph\":[{\"@type\":\"WebPage\",\"@id\":\"https:\\\/\\\/houseofstrauss.at\\\/blog\\\/\",\"url\":\"https:\\\/\\\/houseofstrauss.at\\\/blog\\\/\",\"name\":\"Nuestro blog | Conciertos de m\u00fasica en Viena | Casa de Strauss\",\"isPartOf\":{\"@id\":\"https:\\\/\\\/houseofstrauss.at\\\/#website\"},\"primaryImageOfPage\":{\"@id\":\"https:\\\/\\\/houseofstrauss.at\\\/blog\\\/#primaryimage\"},\"image\":{\"@id\":\"https:\\\/\\\/houseofstrauss.at\\\/blog\\\/#primaryimage\"},\"thumbnailUrl\":\"https:\\\/\\\/houseofstrauss.at\\\/wp-content\\\/uploads\\\/2025\\\/01\\\/Johann-Strauss-der-Waehrend-er-Musiziert-ein-bier-trinkt-und-frauen-in-der-hand-hat-und-zigarren-raucht.jpg\",\"datePublished\":\"2024-11-14T21:59:23+00:00\",\"dateModified\":\"2025-04-18T13:18:29+00:00\",\"description\":\"Descubre el encantador mundo de la escena musical vienesa con House of Strauss. Descubre blogs de conciertos y los \u00faltimos eventos de m\u00fasica cl\u00e1sica.\",\"breadcrumb\":{\"@id\":\"https:\\\/\\\/houseofstrauss.at\\\/blog\\\/#breadcrumb\"},\"inLanguage\":\"es\",\"potentialAction\":[{\"@type\":\"ReadAction\",\"target\":[\"https:\\\/\\\/houseofstrauss.at\\\/blog\\\/\"]}]},{\"@type\":\"ImageObject\",\"inLanguage\":\"es\",\"@id\":\"https:\\\/\\\/houseofstrauss.at\\\/blog\\\/#primaryimage\",\"url\":\"https:\\\/\\\/houseofstrauss.at\\\/wp-content\\\/uploads\\\/2025\\\/01\\\/Johann-Strauss-der-Waehrend-er-Musiziert-ein-bier-trinkt-und-frauen-in-der-hand-hat-und-zigarren-raucht.jpg\",\"contentUrl\":\"https:\\\/\\\/houseofstrauss.at\\\/wp-content\\\/uploads\\\/2025\\\/01\\\/Johann-Strauss-der-Waehrend-er-Musiziert-ein-bier-trinkt-und-frauen-in-der-hand-hat-und-zigarren-raucht.jpg\",\"width\":2048,\"height\":2048,\"caption\":\"Blog\"},{\"@type\":\"BreadcrumbList\",\"@id\":\"https:\\\/\\\/houseofstrauss.at\\\/blog\\\/#breadcrumb\",\"itemListElement\":[{\"@type\":\"ListItem\",\"position\":1,\"name\":\"Startseite\",\"item\":\"https:\\\/\\\/houseofstrauss.at\\\/es\\\/inicio-2\\\/\"},{\"@type\":\"ListItem\",\"position\":2,\"name\":\"Blog\"}]},{\"@type\":\"WebSite\",\"@id\":\"https:\\\/\\\/houseofstrauss.at\\\/#website\",\"url\":\"https:\\\/\\\/houseofstrauss.at\\\/\",\"name\":\"House of Strauss Wien\",\"description\":\"Museum, Sehensw\u00fcrdigkeiten  Classical concerts Vienna, Live Strauss Konzerte\",\"publisher\":{\"@id\":\"https:\\\/\\\/houseofstrauss.at\\\/#organization\"},\"potentialAction\":[{\"@type\":\"SearchAction\",\"target\":{\"@type\":\"EntryPoint\",\"urlTemplate\":\"https:\\\/\\\/houseofstrauss.at\\\/?s={search_term_string}\"},\"query-input\":{\"@type\":\"PropertyValueSpecification\",\"valueRequired\":true,\"valueName\":\"search_term_string\"}}],\"inLanguage\":\"es\"},{\"@type\":\"Organization\",\"@id\":\"https:\\\/\\\/houseofstrauss.at\\\/#organization\",\"name\":\"House of Strauss Wien\",\"url\":\"https:\\\/\\\/houseofstrauss.at\\\/\",\"logo\":{\"@type\":\"ImageObject\",\"inLanguage\":\"es\",\"@id\":\"https:\\\/\\\/houseofstrauss.at\\\/#\\\/schema\\\/logo\\\/image\\\/\",\"url\":\"https:\\\/\\\/houseofstrauss.at\\\/wp-content\\\/uploads\\\/2024\\\/11\\\/blue-logo.png\",\"contentUrl\":\"https:\\\/\\\/houseofstrauss.at\\\/wp-content\\\/uploads\\\/2024\\\/11\\\/blue-logo.png\",\"width\":2564,\"height\":1213,\"caption\":\"House of Strauss Wien\"},\"image\":{\"@id\":\"https:\\\/\\\/houseofstrauss.at\\\/#\\\/schema\\\/logo\\\/image\\\/\"},\"sameAs\":[\"https:\\\/\\\/www.facebook.com\\\/houseofstraussvienna\",\"https:\\\/\\\/www.instagram.com\\\/houseofstrauss_vienna\",\"https:\\\/\\\/www.tripadvisor.de\\\/Attraction_Review-g190454-d26561860-Reviews-House_Of_Strauss_Vienna-Vienna.html\",\"https:\\\/\\\/www.tiktok.com\\\/@house.of.strauss\"]}]}<\/script>\n<!-- \/ Yoast SEO plugin. -->","yoast_head_json":{"title":"Nuestro blog | Conciertos de m\u00fasica en Viena | Casa de Strauss","description":"Descubre el encantador mundo de la escena musical vienesa con House of Strauss. Descubre blogs de conciertos y los \u00faltimos eventos de m\u00fasica cl\u00e1sica.","robots":{"index":"index","follow":"follow","max-snippet":"max-snippet:-1","max-image-preview":"max-image-preview:large","max-video-preview":"max-video-preview:-1"},"canonical":"https:\/\/houseofstrauss.at\/blog\/","og_locale":"es_ES","og_type":"article","og_title":"Nuestro blog | Conciertos de m\u00fasica en Viena | Casa de Strauss","og_description":"Descubre el encantador mundo de la escena musical vienesa con House of Strauss. Descubre blogs de conciertos y los \u00faltimos eventos de m\u00fasica cl\u00e1sica.","og_url":"https:\/\/houseofstrauss.at\/blog\/","og_site_name":"House of Strauss Wien","article_publisher":"https:\/\/www.facebook.com\/houseofstraussvienna","article_modified_time":"2025-04-18T13:18:29+00:00","og_image":[{"width":2048,"height":2048,"url":"https:\/\/houseofstrauss.at\/wp-content\/uploads\/2025\/01\/Johann-Strauss-der-Waehrend-er-Musiziert-ein-bier-trinkt-und-frauen-in-der-hand-hat-und-zigarren-raucht.jpg","type":"image\/jpeg"}],"twitter_card":"summary_large_image","schema":{"@context":"https:\/\/schema.org","@graph":[{"@type":"WebPage","@id":"https:\/\/houseofstrauss.at\/blog\/","url":"https:\/\/houseofstrauss.at\/blog\/","name":"Nuestro blog | Conciertos de m\u00fasica en Viena | Casa de Strauss","isPartOf":{"@id":"https:\/\/houseofstrauss.at\/#website"},"primaryImageOfPage":{"@id":"https:\/\/houseofstrauss.at\/blog\/#primaryimage"},"image":{"@id":"https:\/\/houseofstrauss.at\/blog\/#primaryimage"},"thumbnailUrl":"https:\/\/houseofstrauss.at\/wp-content\/uploads\/2025\/01\/Johann-Strauss-der-Waehrend-er-Musiziert-ein-bier-trinkt-und-frauen-in-der-hand-hat-und-zigarren-raucht.jpg","datePublished":"2024-11-14T21:59:23+00:00","dateModified":"2025-04-18T13:18:29+00:00","description":"Descubre el encantador mundo de la escena musical vienesa con House of Strauss. Descubre blogs de conciertos y los \u00faltimos eventos de m\u00fasica cl\u00e1sica.","breadcrumb":{"@id":"https:\/\/houseofstrauss.at\/blog\/#breadcrumb"},"inLanguage":"es","potentialAction":[{"@type":"ReadAction","target":["https:\/\/houseofstrauss.at\/blog\/"]}]},{"@type":"ImageObject","inLanguage":"es","@id":"https:\/\/houseofstrauss.at\/blog\/#primaryimage","url":"https:\/\/houseofstrauss.at\/wp-content\/uploads\/2025\/01\/Johann-Strauss-der-Waehrend-er-Musiziert-ein-bier-trinkt-und-frauen-in-der-hand-hat-und-zigarren-raucht.jpg","contentUrl":"https:\/\/houseofstrauss.at\/wp-content\/uploads\/2025\/01\/Johann-Strauss-der-Waehrend-er-Musiziert-ein-bier-trinkt-und-frauen-in-der-hand-hat-und-zigarren-raucht.jpg","width":2048,"height":2048,"caption":"Blog"},{"@type":"BreadcrumbList","@id":"https:\/\/houseofstrauss.at\/blog\/#breadcrumb","itemListElement":[{"@type":"ListItem","position":1,"name":"Startseite","item":"https:\/\/houseofstrauss.at\/es\/inicio-2\/"},{"@type":"ListItem","position":2,"name":"Blog"}]},{"@type":"WebSite","@id":"https:\/\/houseofstrauss.at\/#website","url":"https:\/\/houseofstrauss.at\/","name":"House of Strauss Wien","description":"Museum, Sehensw\u00fcrdigkeiten  Classical concerts Vienna, Live Strauss Konzerte","publisher":{"@id":"https:\/\/houseofstrauss.at\/#organization"},"potentialAction":[{"@type":"SearchAction","target":{"@type":"EntryPoint","urlTemplate":"https:\/\/houseofstrauss.at\/?s={search_term_string}"},"query-input":{"@type":"PropertyValueSpecification","valueRequired":true,"valueName":"search_term_string"}}],"inLanguage":"es"},{"@type":"Organization","@id":"https:\/\/houseofstrauss.at\/#organization","name":"House of Strauss Wien","url":"https:\/\/houseofstrauss.at\/","logo":{"@type":"ImageObject","inLanguage":"es","@id":"https:\/\/houseofstrauss.at\/#\/schema\/logo\/image\/","url":"https:\/\/houseofstrauss.at\/wp-content\/uploads\/2024\/11\/blue-logo.png","contentUrl":"https:\/\/houseofstrauss.at\/wp-content\/uploads\/2024\/11\/blue-logo.png","width":2564,"height":1213,"caption":"House of Strauss Wien"},"image":{"@id":"https:\/\/houseofstrauss.at\/#\/schema\/logo\/image\/"},"sameAs":["https:\/\/www.facebook.com\/houseofstraussvienna","https:\/\/www.instagram.com\/houseofstrauss_vienna","https:\/\/www.tripadvisor.de\/Attraction_Review-g190454-d26561860-Reviews-House_Of_Strauss_Vienna-Vienna.html","https:\/\/www.tiktok.com\/@house.of.strauss"]}]}},"_links":{"self":[{"href":"https:\/\/houseofstrauss.at\/es\/wp-json\/wp\/v2\/pages\/2576","targetHints":{"allow":["GET"]}}],"collection":[{"href":"https:\/\/houseofstrauss.at\/es\/wp-json\/wp\/v2\/pages"}],"about":[{"href":"https:\/\/houseofstrauss.at\/es\/wp-json\/wp\/v2\/types\/page"}],"author":[{"embeddable":true,"href":"https:\/\/houseofstrauss.at\/es\/wp-json\/wp\/v2\/users\/1"}],"replies":[{"embeddable":true,"href":"https:\/\/houseofstrauss.at\/es\/wp-json\/wp\/v2\/comments?post=2576"}],"version-history":[{"count":8,"href":"https:\/\/houseofstrauss.at\/es\/wp-json\/wp\/v2\/pages\/2576\/revisions"}],"predecessor-version":[{"id":9235,"href":"https:\/\/houseofstrauss.at\/es\/wp-json\/wp\/v2\/pages\/2576\/revisions\/9235"}],"wp:featuredmedia":[{"embeddable":true,"href":"https:\/\/houseofstrauss.at\/es\/wp-json\/wp\/v2\/media\/6825"}],"wp:attachment":[{"href":"https:\/\/houseofstrauss.at\/es\/wp-json\/wp\/v2\/media?parent=2576"}],"curies":[{"name":"wp","href":"https:\/\/api.w.org\/{rel}","templated":true}]}}